{"id":91,"date":"2018-04-13T16:23:03","date_gmt":"2018-04-13T14:23:03","guid":{"rendered":"http:\/\/petra-bartoli.de\/?page_id=91"},"modified":"2018-04-16T11:15:04","modified_gmt":"2018-04-16T09:15:04","slug":"buecher-fuer-erwachsene","status":"publish","type":"page","link":"https:\/\/petra-bartoli.de\/index.php\/buecher\/buecher-fuer-erwachsene\/","title":{"rendered":"B\u00fccher f\u00fcr Erwachsene"},"content":{"rendered":"<style type=\"text\/css\">\n#foogallery-gallery-168.fg-simple_portfolio { justify-content: center; --fg-gutter: 40px; }\n#foogallery-gallery-168.fg-simple_portfolio .fg-item { flex-basis: 200px; }<\/style>\n\t\t\t<div class=\"foogallery foogallery-container foogallery-simple_portfolio foogallery-lightbox-none fg-simple_portfolio fg-ready fg-light fg-border-thin fg-shadow-outline fg-loading-default fg-loaded-fade-in fg-caption-always fg-hover-fade fg-hover-external fg-caption-always\" id=\"foogallery-gallery-168\" data-foogallery=\"{&quot;item&quot;:{&quot;showCaptionTitle&quot;:true,&quot;showCaptionDescription&quot;:true},&quot;lazy&quot;:true}\" style=\"--fg-title-line-clamp: 0; --fg-description-line-clamp: 0;\" >\n\t<div class=\"fg-item fg-type-iframe fg-idle\"><figure class=\"fg-item-inner\"><a href=\"https:\/\/shop.autorenwelt.de\/products\/reden-wir-ubers-sterben-von-petra-bartoli-y-eckert-und-petra-bartoli-y-eckert?variant=48864259735877\" target=\"_blank\" data-caption-desc=\"Was ich auf dem M\u00fcnchner Jakobsweg \u00fcber Leben und Tod gelernt habe\n\nF\u00fcr alle, die sich dem Tabuthema Tod stellen wollen und einen neuen Umgang mit dem Abschiednehmen suchen. Gespr\u00e4che \u00fcber den Tod mit Kabarettist Gerhard Polt, mit einer Bestatterin, einem Sargmaler, einem Hospizbegleiter, einer Friedhofsg\u00e4rtnerin und zahlreichen anderen. Volk Verlag, Oktober 2024, 20 EUR\" data-caption-title=\"Reden wir \u00fcbers Sterben\" data-attachment-id=\"1044\" class=\"foogallery-thumb fg-thumb\" data-type=\"iframe\"><span class=\"fg-image-wrap\"><img fetchpriority=\"high\" decoding=\"async\" class=\"bf-img skip-lazy fg-image\" height=\"307\" width=\"200\" data-src-fg=\"https:\/\/petra-bartoli.de\/wp-content\/uploads\/cache\/2024\/08\/Cover_Reden-wir-uebers-Sterben\/3986515921.png\" src=\"data:image\/svg+xml,%3Csvg%20xmlns%3D%22http%3A%2F%2Fwww.w3.org%2F2000%2Fsvg%22%20width%3D%22200%22%20height%3D%22307%22%20viewBox%3D%220%200%20200%20307%22%3E%3C%2Fsvg%3E\" loading=\"eager\"><\/span><span class=\"fg-image-overlay\"><\/span><\/a><figcaption class=\"fg-caption\"><div class=\"fg-caption-inner\"><div class=\"fg-caption-title\">Reden wir \u00fcbers Sterben<\/div><div class=\"fg-caption-desc\">Was ich auf dem M\u00fcnchner Jakobsweg \u00fcber Leben und Tod gelernt habe\n\nF\u00fcr alle, die sich dem Tabuthema Tod stellen wollen und einen neuen Umgang mit dem Abschiednehmen suchen. Gespr\u00e4che \u00fcber den Tod mit Kabarettist Gerhard Polt, mit einer Bestatterin, einem Sargmaler, einem Hospizbegleiter, einer Friedhofsg\u00e4rtnerin und zahlreichen anderen. Volk Verlag, Oktober 2024, 20 EUR<\/div><\/div><\/figcaption><\/figure><div class=\"fg-loader\"><\/div><\/div><div class=\"fg-item fg-type-iframe fg-idle\"><figure class=\"fg-item-inner\"><a href=\"https:\/\/shop.autorenwelt.de\/products\/in-den-bergen-findest-du-zu-dir-von-petra-bartoli-y-eckert-und-petra-bartoli-y-eckert?variant=46464687243589\" target=\"_blank\" data-caption-title=\"In den Bergen findest du zu dir von Petra Bartoli y Eckert\" data-caption-desc=\"F\u00fcr ihr gro\u00dfes Ziel, einmal zu Fu\u00df die Alpen zu \u00fcberqueren, wollte Petra Bartoli y Eckert sich nicht nur k\u00f6rperlich, sondern auch mental vorbereiten. Deshalb hat sie Bergmenschen getroffen und nach ihren Rezepten f\u00fcr innere St\u00e4rke und Durchhalteverm\u00f6gen befragt. Gefunden hat sie bei ihrer Alpen\u00fcberquerung schlie\u00dflich beeindruckende Lebensgeschichten und viele Ideen dazu, was uns stark macht. K\u00f6sel, August 2023, 20 EUR\" data-attachment-id=\"986\" class=\"foogallery-thumb fg-thumb\" data-type=\"iframe\"><span class=\"fg-image-wrap\"><img decoding=\"async\" title=\"In den Bergen findest du zu dir von Petra Bartoli y Eckert\" class=\"bf-img skip-lazy fg-image\" height=\"317\" width=\"200\" data-src-fg=\"https:\/\/petra-bartoli.de\/wp-content\/uploads\/cache\/2023\/06\/Bartoli_y_Eckert_PBerge_234127_klein-scaled\/3527889157.jpg\" src=\"data:image\/svg+xml,%3Csvg%20xmlns%3D%22http%3A%2F%2Fwww.w3.org%2F2000%2Fsvg%22%20width%3D%22200%22%20height%3D%22317%22%20viewBox%3D%220%200%20200%20317%22%3E%3C%2Fsvg%3E\" loading=\"eager\"><\/span><span class=\"fg-image-overlay\"><\/span><\/a><figcaption class=\"fg-caption\"><div class=\"fg-caption-inner\"><div class=\"fg-caption-title\">In den Bergen findest du zu dir von Petra Bartoli y Eckert<\/div><div class=\"fg-caption-desc\">F\u00fcr ihr gro\u00dfes Ziel, einmal zu Fu\u00df die Alpen zu \u00fcberqueren, wollte Petra Bartoli y Eckert sich nicht nur k\u00f6rperlich, sondern auch mental vorbereiten. Deshalb hat sie Bergmenschen getroffen und nach ihren Rezepten f\u00fcr innere St\u00e4rke und Durchhalteverm\u00f6gen befragt. Gefunden hat sie bei ihrer Alpen\u00fcberquerung schlie\u00dflich beeindruckende Lebensgeschichten und viele Ideen dazu, was uns stark macht. K\u00f6sel, August 2023, 20 EUR<\/div><\/div><\/figcaption><\/figure><div class=\"fg-loader\"><\/div><\/div><div class=\"fg-item fg-type-iframe fg-idle\"><figure class=\"fg-item-inner\"><a href=\"https:\/\/shop.autorenwelt.de\/products\/zum-gluck-zu-fuss-von-petra-bartoli-y-eckert-und-petra-bartoli-y-eckert?variant=39530486497373\" target=\"_blank\" data-caption-title=\"Zum Gl\u00fcck zu Fu\u00df \u2013 Begegnungen auf der Suche nach dem guten Leben\" data-caption-desc=\"Ein wirklich gutes Leben f\u00fchren \u2013 jeder will es, doch es l\u00e4sst sich nur schwer erreichen und h\u00e4ufig nicht auf Dauer festhalten. Dennoch gibt es Menschen, die es besser hinbekommen als andere. Doch wie gelingt ihnen das? Die Autorin Petra Bartoli y Eckert hat sich auf den Weg gemacht, um Antworten zu finden: Drei Wochen lang. Mit dem Rucksack und zu Fu\u00df. Durch das Salzburger Land, durch Bayern, Baden-W\u00fcrttemberg und Tirol. Bei herrlichstem Sonnenschein und nasskaltem Regenwetter. Durch wundervolle Landschaften und trostlose Industriegebiete. Dabei ist sie Menschen begegnet, die verstanden haben, wie das gute Leben funktioniert. 15 davon hat sie interviewt \u2013 bekannte und unbekannte. Eines haben all diese Menschen gemeinsam: Sie haben sich bewusst dazu entschieden zufrieden zu sein. Ueberreuter, 2022. 18 EUR\" data-attachment-id=\"898\" class=\"foogallery-thumb fg-thumb\" data-type=\"iframe\"><span class=\"fg-image-wrap\"><img decoding=\"async\" alt=\"Zum Gl\u00fcck zu Fu\u00df\" title=\"Ein wirklich gutes Leben f\u00fchren \u2013 jeder will es, doch es l\u00e4sst sich nur schwer erreichen und h\u00e4ufig nicht auf Dauer festhalten. Dennoch gibt es Menschen, die es besser hinbekommen als andere. Doch wie gelingt ihnen das? Die Autorin Petra Bartoli y Eckert hat sich auf den Weg gemacht, um Antworten zu finden: Drei Wochen lang. Mit dem Rucksack und zu Fu\u00df. Durch das Salzburger Land, durch Bayern, Baden-W\u00fcrttemberg und Tirol. Bei herrlichstem Sonnenschein und nasskaltem Regenwetter. Durch wundervolle Landschaften und trostlose Industriegebiete. Dabei ist sie Menschen begegnet, die verstanden haben, wie das gute Leben funktioniert. 15 davon hat sie interviewt \u2013 bekannte und unbekannte. Eines haben all diese Menschen gemeinsam: Sie haben sich bewusst dazu entschieden zufrieden zu sein. Ueberreuter, 2022. 18 EUR\" class=\"bf-img skip-lazy fg-image\" height=\"319\" width=\"200\" data-src-fg=\"https:\/\/petra-bartoli.de\/wp-content\/uploads\/cache\/2021\/12\/ZuFuss_Cover\/983711375.jpg\" src=\"data:image\/svg+xml,%3Csvg%20xmlns%3D%22http%3A%2F%2Fwww.w3.org%2F2000%2Fsvg%22%20width%3D%22200%22%20height%3D%22319%22%20viewBox%3D%220%200%20200%20319%22%3E%3C%2Fsvg%3E\" loading=\"eager\"><\/span><span class=\"fg-image-overlay\"><\/span><\/a><figcaption class=\"fg-caption\"><div class=\"fg-caption-inner\"><div class=\"fg-caption-title\">Zum Gl\u00fcck zu Fu\u00df \u2013 Begegnungen auf der Suche nach dem guten Leben<\/div><div class=\"fg-caption-desc\">Ein wirklich gutes Leben f\u00fchren \u2013 jeder will es, doch es l\u00e4sst sich nur schwer erreichen und h\u00e4ufig nicht auf Dauer festhalten. Dennoch gibt es Menschen, die es besser hinbekommen als andere. Doch wie gelingt ihnen das? Die Autorin Petra Bartoli y Eckert hat sich auf den Weg gemacht, um Antworten zu finden: Drei Wochen lang. Mit dem Rucksack und zu Fu\u00df. Durch das Salzburger Land, durch Bayern, Baden-W\u00fcrttemberg und Tirol. Bei herrlichstem Sonnenschein und nasskaltem Regenwetter. Durch wundervolle Landschaften und trostlose Industriegebiete. Dabei ist sie Menschen begegnet, die verstanden haben, wie das gute Leben funktioniert. 15 davon hat sie interviewt \u2013 bekannte und unbekannte. Eines haben all diese Menschen gemeinsam: Sie haben sich bewusst dazu entschieden zufrieden zu sein. Ueberreuter, 2022. 18 EUR<\/div><\/div><\/figcaption><\/figure><div class=\"fg-loader\"><\/div><\/div><div class=\"fg-item fg-type-iframe fg-idle\"><figure class=\"fg-item-inner\"><a href=\"https:\/\/shop.autorenwelt.de\/products\/das-grosse-bewegungsvorlesebuch-fur-senioren-und-seniorinnen-geschichten-zum-mitmachen-und-spasshaben-von-petra-bartoli-y-eckert?variant=39455865438301\" target=\"_blank\" data-caption-title=\"Das gro\u00dfe Bewegungs-Vorlesebuch f\u00fcr Senioren\" data-caption-desc=\"Bewegungsf\u00f6rderung f\u00fcr Senioren und Seniorinnen\nBewegung ist entscheidend f\u00fcr den Erhalt der k\u00f6rperlichen und geistigen Fitness von Senioren und Seniorinnen mit und ohne Demenz. Mit diesen heiteren Bewegungsgeschichten gelingt es, den Senioren und Seniorinnen Freude an Bewegung zu schenken und sie f\u00fcr Bewegungsrunden zu begeistern. Die Bewegung wird auf verschiedenste Weise in die Geschichten integriert: Mal erfolgt sie zu einem Signalwort, mal wird die Geschichte durchg\u00e4ngig von Bewegung begleitet, in anderen Bewegungsgeschichten kommt Material, wie z. B. ein Schal, zum Einsatz. Einen sch\u00f6nen Abschluss bilden schlie\u00dflich die Geschichten zur Entspannung, die das Wohlbefinden der Senioren und Seniorinnen zus\u00e4tzlich steigern. Verlag an der Ruhr, 2021. 19,99 EUR\" data-attachment-id=\"899\" class=\"foogallery-thumb fg-thumb\" data-type=\"iframe\"><span class=\"fg-image-wrap\"><img decoding=\"async\" alt=\"Das gro\u00dfe Bewegungs-Vorlesebuch f\u00fcr Senioren\" title=\"Bewegungsf\u00f6rderung f\u00fcr Senioren und Seniorinnen\nBewegung ist entscheidend f\u00fcr den Erhalt der k\u00f6rperlichen und geistigen Fitness von Senioren und Seniorinnen mit und ohne Demenz. Mit diesen heiteren Bewegungsgeschichten gelingt es, den Senioren und Seniorinnen Freude an Bewegung zu schenken und sie f\u00fcr Bewegungsrunden zu begeistern. Die Bewegung wird auf verschiedenste Weise in die Geschichten integriert: Mal erfolgt sie zu einem Signalwort, mal wird die Geschichte durchg\u00e4ngig von Bewegung begleitet, in anderen Bewegungsgeschichten kommt Material, wie z. B. ein Schal, zum Einsatz. Einen sch\u00f6nen Abschluss bilden schlie\u00dflich die Geschichten zur Entspannung, die das Wohlbefinden der Senioren und Seniorinnen zus\u00e4tzlich steigern. Verlag an der Ruhr, 2021. 19,99 EUR\" class=\"bf-img skip-lazy fg-image\" height=\"283\" width=\"200\" data-src-fg=\"https:\/\/petra-bartoli.de\/wp-content\/uploads\/cache\/2021\/12\/Cover_Bewegungsgeschichten-Senioren\/2676982151.png\" src=\"data:image\/svg+xml,%3Csvg%20xmlns%3D%22http%3A%2F%2Fwww.w3.org%2F2000%2Fsvg%22%20width%3D%22200%22%20height%3D%22283%22%20viewBox%3D%220%200%20200%20283%22%3E%3C%2Fsvg%3E\" loading=\"eager\"><\/span><span class=\"fg-image-overlay\"><\/span><\/a><figcaption class=\"fg-caption\"><div class=\"fg-caption-inner\"><div class=\"fg-caption-title\">Das gro\u00dfe Bewegungs-Vorlesebuch f\u00fcr Senioren<\/div><div class=\"fg-caption-desc\">Bewegungsf\u00f6rderung f\u00fcr Senioren und Seniorinnen\nBewegung ist entscheidend f\u00fcr den Erhalt der k\u00f6rperlichen und geistigen Fitness von Senioren und Seniorinnen mit und ohne Demenz. Mit diesen heiteren Bewegungsgeschichten gelingt es, den Senioren und Seniorinnen Freude an Bewegung zu schenken und sie f\u00fcr Bewegungsrunden zu begeistern. Die Bewegung wird auf verschiedenste Weise in die Geschichten integriert: Mal erfolgt sie zu einem Signalwort, mal wird die Geschichte durchg\u00e4ngig von Bewegung begleitet, in anderen Bewegungsgeschichten kommt Material, wie z. B. ein Schal, zum Einsatz. Einen sch\u00f6nen Abschluss bilden schlie\u00dflich die Geschichten zur Entspannung, die das Wohlbefinden der Senioren und Seniorinnen zus\u00e4tzlich steigern. Verlag an der Ruhr, 2021. 19,99 EUR<\/div><\/div><\/figcaption><\/figure><div class=\"fg-loader\"><\/div><\/div><div class=\"fg-item fg-type-iframe fg-idle\"><figure class=\"fg-item-inner\"><a href=\"https:\/\/shop.autorenwelt.de\/products\/fit-im-kopf-vorlesebucher-fur-senioren-das-bisschen-haushalt-schmunzelgeschichten-zum-gedachtnistraining-mit-ubungen-von-petra-bartoli-y-eckert-sabine-kelkel-petra-bartoli-y-eckert?variant=20214994337885\" target=\"_blank\" data-caption-title=\"Das bisschen Haushalt \u2013 Fit-im-Kopf-Geschichten\" data-caption-desc=\"Die witzigen Kurzgeschichten mit integrierten Ged\u00e4chtnisaufgaben erz\u00e4hlen von allt\u00e4glichen Pannen, Missgeschicken und komischen Situationen, wie z. B. einem Chef, der alle Gegenst\u00e4nde verlegt, oder einer Frau, die in der Reinigung versehentlich die Kleidung eines fremden Mannes abholt. Gleichzeitig animieren alle Geschichten zum Mitdenken und Mitmachen. Ob Merk-, Bewegungs-, Knobel- oder Wahrnehmungsgeschichte: Alle Kurzgeschichten f\u00fcr Senioren trainieren ganzheitlich alle Hirnleistungsbereiche, wie z. B. Konzentration, Wortfindung und Kreativit\u00e4t, aber auch logisches, assoziatives und flexibles Denken. Zu jeder Vorlesegeschichte gibt es dar\u00fcber hinaus drei anschlie\u00dfende Ged\u00e4chtnis\u00fcbungen f\u00fcr noch mehr Denksport. Verlag an der Ruhr, 2019. 14,99 EUR\" data-attachment-id=\"784\" class=\"foogallery-thumb fg-thumb\" data-type=\"iframe\"><span class=\"fg-image-wrap\"><img decoding=\"async\" alt=\"Das bisschen Haushalt \u2013 Fit-im-Kopf-Geschichten\" title=\"Die witzigen Kurzgeschichten mit integrierten Ged\u00e4chtnisaufgaben erz\u00e4hlen von allt\u00e4glichen Pannen, Missgeschicken und komischen Situationen, wie z. B. einem Chef, der alle Gegenst\u00e4nde verlegt, oder einer Frau, die in der Reinigung versehentlich die Kleidung eines fremden Mannes abholt. Gleichzeitig animieren alle Geschichten zum Mitdenken und Mitmachen. Ob Merk-, Bewegungs-, Knobel- oder Wahrnehmungsgeschichte: Alle Kurzgeschichten f\u00fcr Senioren trainieren ganzheitlich alle Hirnleistungsbereiche, wie z. B. Konzentration, Wortfindung und Kreativit\u00e4t, aber auch logisches, assoziatives und flexibles Denken. Zu jeder Vorlesegeschichte gibt es dar\u00fcber hinaus drei anschlie\u00dfende Ged\u00e4chtnis\u00fcbungen f\u00fcr noch mehr Denksport. Verlag an der Ruhr, 2019. 14,99 EUR\" class=\"bf-img skip-lazy fg-image\" height=\"280\" width=\"200\" data-src-fg=\"https:\/\/petra-bartoli.de\/wp-content\/uploads\/cache\/2018\/04\/IMG_7107\/2133204742.jpeg\" src=\"data:image\/svg+xml,%3Csvg%20xmlns%3D%22http%3A%2F%2Fwww.w3.org%2F2000%2Fsvg%22%20width%3D%22200%22%20height%3D%22280%22%20viewBox%3D%220%200%20200%20280%22%3E%3C%2Fsvg%3E\" loading=\"eager\"><\/span><span class=\"fg-image-overlay\"><\/span><\/a><figcaption class=\"fg-caption\"><div class=\"fg-caption-inner\"><div class=\"fg-caption-title\">Das bisschen Haushalt \u2013 Fit-im-Kopf-Geschichten<\/div><div class=\"fg-caption-desc\">Die witzigen Kurzgeschichten mit integrierten Ged\u00e4chtnisaufgaben erz\u00e4hlen von allt\u00e4glichen Pannen, Missgeschicken und komischen Situationen, wie z. B. einem Chef, der alle Gegenst\u00e4nde verlegt, oder einer Frau, die in der Reinigung versehentlich die Kleidung eines fremden Mannes abholt. Gleichzeitig animieren alle Geschichten zum Mitdenken und Mitmachen. Ob Merk-, Bewegungs-, Knobel- oder Wahrnehmungsgeschichte: Alle Kurzgeschichten f\u00fcr Senioren trainieren ganzheitlich alle Hirnleistungsbereiche, wie z. B. Konzentration, Wortfindung und Kreativit\u00e4t, aber auch logisches, assoziatives und flexibles Denken. Zu jeder Vorlesegeschichte gibt es dar\u00fcber hinaus drei anschlie\u00dfende Ged\u00e4chtnis\u00fcbungen f\u00fcr noch mehr Denksport. Verlag an der Ruhr, 2019. 14,99 EUR<\/div><\/div><\/figcaption><\/figure><div class=\"fg-loader\"><\/div><\/div><div class=\"fg-item fg-type-iframe fg-idle\"><figure class=\"fg-item-inner\"><a href=\"https:\/\/shop.autorenwelt.de\/products\/scherben-bringen-gluck-von-petra-bartoli-y-eckert-und-petra-bartoli-y-eckert?utm_source=sendgrid.com&amp;utm_medium=email&amp;utm_campaign=website\" target=\"_blank\" data-caption-title=\"Schmunzelgeschichten: Scherben bringen Gl\u00fcck\" data-caption-desc=\"Kurz, einfach und mit Humor erz\u00e4hlen diese Vorlesegeschichten f\u00fcr Seniorinnen und Senioren von ulkigen Alltagsabenteuern, wie von der Verbrechersuche einer \u00fcbereifrigen Hobbydetektivin oder einem notorischen Witzeerz\u00e4hler, der eines Besseren belehrt wird. Im Anschluss an die leserfreundlich aufgemachten, humorvollen Vorlesegeschichten f\u00fcr Seniorinnen und Senioren mit und ohne Demenz gibt es jeweils Impulse f\u00fcr Erz\u00e4hlanl\u00e4sse, die gemeinsam aus dem individuellen Erfahrungsschatz beantwortet werden k\u00f6nnen.\" data-attachment-id=\"837\" class=\"foogallery-thumb fg-thumb\" data-type=\"iframe\"><span class=\"fg-image-wrap\"><img decoding=\"async\" alt=\"Schmunzelgeschichten: Scherben bringen Gl\u00fcck\" title=\"Kurz, einfach und mit Humor erz\u00e4hlen diese Vorlesegeschichten f\u00fcr Seniorinnen und Senioren von ulkigen Alltagsabenteuern, wie von der Verbrechersuche einer \u00fcbereifrigen Hobbydetektivin oder einem notorischen Witzeerz\u00e4hler, der eines Besseren belehrt wird. Im Anschluss an die leserfreundlich aufgemachten, humorvollen Vorlesegeschichten f\u00fcr Seniorinnen und Senioren mit und ohne Demenz gibt es jeweils Impulse f\u00fcr Erz\u00e4hlanl\u00e4sse, die gemeinsam aus dem individuellen Erfahrungsschatz beantwortet werden k\u00f6nnen.\" class=\"bf-img skip-lazy fg-image\" height=\"284\" width=\"200\" data-src-fg=\"https:\/\/petra-bartoli.de\/wp-content\/uploads\/cache\/2020\/09\/Cover-Scherben-bringen-Glueck\/1419218370.jpg\" src=\"data:image\/svg+xml,%3Csvg%20xmlns%3D%22http%3A%2F%2Fwww.w3.org%2F2000%2Fsvg%22%20width%3D%22200%22%20height%3D%22284%22%20viewBox%3D%220%200%20200%20284%22%3E%3C%2Fsvg%3E\" loading=\"eager\"><\/span><span class=\"fg-image-overlay\"><\/span><\/a><figcaption class=\"fg-caption\"><div class=\"fg-caption-inner\"><div class=\"fg-caption-title\">Schmunzelgeschichten: Scherben bringen Gl\u00fcck<\/div><div class=\"fg-caption-desc\">Kurz, einfach und mit Humor erz\u00e4hlen diese Vorlesegeschichten f\u00fcr Seniorinnen und Senioren von ulkigen Alltagsabenteuern, wie von der Verbrechersuche einer \u00fcbereifrigen Hobbydetektivin oder einem notorischen Witzeerz\u00e4hler, der eines Besseren belehrt wird. Im Anschluss an die leserfreundlich aufgemachten, humorvollen Vorlesegeschichten f\u00fcr Seniorinnen und Senioren mit und ohne Demenz gibt es jeweils Impulse f\u00fcr Erz\u00e4hlanl\u00e4sse, die gemeinsam aus dem individuellen Erfahrungsschatz beantwortet werden k\u00f6nnen.<\/div><\/div><\/figcaption><\/figure><div class=\"fg-loader\"><\/div><\/div><div class=\"fg-item fg-type-iframe fg-idle\"><figure class=\"fg-item-inner\"><a href=\"https:\/\/shop.autorenwelt.de\/products\/5-minuten-schmunzelgeschichten-fur-senioren-und-seniorinnen-sauer-macht-lustig-und-weitere-humoristische-anekdoten-zum-vorlesen-lachen-und-plaudern-von-petra-bartoli-y-eckert-petra-bartoli-y-eckert?variant=39455698616413\" target=\"_blank\" data-caption-title=\"Sauer macht lustig\" data-caption-desc=\"Macht sauer wirklich lustig? Wie bringt Maria ihrem Bruder blo\u00df Manieren bei? Und kann Hanni tats\u00e4chlich nicht mit dem Hammer umgehen? Einfach und mit Witz erz\u00e4hlen die Vorlesegeschichten aus diesem Band von ulkigen Alltagsabenteuern. Im Anschluss an die leserfreundlich aufgemachten, humorvollen Vorlesegeschichten f\u00fcr Senioren und Seniorinnen mit und ohne Demenz gibt es jeweils Impulse f\u00fcr Erz\u00e4hlanl\u00e4sse, die gemeinsam aus dem individuellen Erfahrungsschatz beantwortet werden k\u00f6nnen.\nVerlag an der Ruhr, 2021, 9,99 EUR\" data-attachment-id=\"860\" class=\"foogallery-thumb fg-thumb\" data-type=\"iframe\"><span class=\"fg-image-wrap\"><img decoding=\"async\" alt=\"Sauer macht lustig\" title=\"Sauer macht lustig\" class=\"bf-img skip-lazy fg-image\" height=\"285\" width=\"200\" data-src-fg=\"https:\/\/petra-bartoli.de\/wp-content\/uploads\/cache\/2021\/02\/Cover-Sauer-macht-lustig\/1005334735.png\" src=\"data:image\/svg+xml,%3Csvg%20xmlns%3D%22http%3A%2F%2Fwww.w3.org%2F2000%2Fsvg%22%20width%3D%22200%22%20height%3D%22285%22%20viewBox%3D%220%200%20200%20285%22%3E%3C%2Fsvg%3E\" loading=\"eager\"><\/span><span class=\"fg-image-overlay\"><\/span><\/a><figcaption class=\"fg-caption\"><div class=\"fg-caption-inner\"><div class=\"fg-caption-title\">Sauer macht lustig<\/div><div class=\"fg-caption-desc\">Macht sauer wirklich lustig? Wie bringt Maria ihrem Bruder blo\u00df Manieren bei? Und kann Hanni tats\u00e4chlich nicht mit dem Hammer umgehen? Einfach und mit Witz erz\u00e4hlen die Vorlesegeschichten aus diesem Band von ulkigen Alltagsabenteuern. Im Anschluss an die leserfreundlich aufgemachten, humorvollen Vorlesegeschichten f\u00fcr Senioren und Seniorinnen mit und ohne Demenz gibt es jeweils Impulse f\u00fcr Erz\u00e4hlanl\u00e4sse, die gemeinsam aus dem individuellen Erfahrungsschatz beantwortet werden k\u00f6nnen.\nVerlag an der Ruhr, 2021, 9,99 EUR<\/div><\/div><\/figcaption><\/figure><div class=\"fg-loader\"><\/div><\/div><div class=\"fg-item fg-type-iframe fg-idle\"><figure class=\"fg-item-inner\"><a href=\"https:\/\/shop.autorenwelt.de\/products\/5-minuten-vorlesegeschichten-fur-menschen-mit-demenz-schmunzelgeschichten-von-petra-bartoli-y-eckert?variant=39441387847773\" target=\"_blank\" data-caption-title=\"5-Minuten-Vorlesegeschichten f\u00fcr Menschen mit Demenz\" data-caption-desc=\"In jedem Band gibt es kurze, leicht verst\u00e4ndliche Vorlesegeschichten zur Aktivierung von Menschen mit Demenz. Die Geschichten erz\u00e4hlen von lustigen Irrt\u00fcmern, der ersten Liebe, Urlaubsreisen mit Hindernissen, Hausfrauentricks oder den Pannen und Peinlichkeiten des allt\u00e4glichen Lebens. Bisher erschienen: Schmunzelgeschichten, Feste und Br\u00e4uche, Stadt- und Landleben, Advent, Das waren die 50er!, Humoristische Anekdoten.\n\nVerlag an der Ruhr, 7,99 \u2013 9,99 EUR\" data-attachment-id=\"176\" class=\"foogallery-thumb fg-thumb\" data-type=\"iframe\"><span class=\"fg-image-wrap\"><img decoding=\"async\" alt=\"5-Minuten-Vorlesegeschichten f\u00fcr Menschen mit Demenz\" title=\"5-Minuten-Vorlesegeschichten f\u00fcr Menschen mit Demenz\" class=\"bf-img skip-lazy fg-image\" height=\"145\" width=\"200\" data-src-fg=\"https:\/\/petra-bartoli.de\/wp-content\/uploads\/2018\/04\/Cover_VorleseDemenz-200-px.jpg\" src=\"data:image\/svg+xml,%3Csvg%20xmlns%3D%22http%3A%2F%2Fwww.w3.org%2F2000%2Fsvg%22%20width%3D%22200%22%20height%3D%22145%22%20viewBox%3D%220%200%20200%20145%22%3E%3C%2Fsvg%3E\" loading=\"eager\"><\/span><span class=\"fg-image-overlay\"><\/span><\/a><figcaption class=\"fg-caption\"><div class=\"fg-caption-inner\"><div class=\"fg-caption-title\">5-Minuten-Vorlesegeschichten f\u00fcr Menschen mit Demenz<\/div><div class=\"fg-caption-desc\">In jedem Band gibt es kurze, leicht verst\u00e4ndliche Vorlesegeschichten zur Aktivierung von Menschen mit Demenz. Die Geschichten erz\u00e4hlen von lustigen Irrt\u00fcmern, der ersten Liebe, Urlaubsreisen mit Hindernissen, Hausfrauentricks oder den Pannen und Peinlichkeiten des allt\u00e4glichen Lebens. Bisher erschienen: Schmunzelgeschichten, Feste und Br\u00e4uche, Stadt- und Landleben, Advent, Das waren die 50er!, Humoristische Anekdoten.\n\nVerlag an der Ruhr, 7,99 \u2013 9,99 EUR<\/div><\/div><\/figcaption><\/figure><div class=\"fg-loader\"><\/div><\/div><div class=\"fg-item fg-type-iframe fg-idle\"><figure class=\"fg-item-inner\"><a href=\"https:\/\/www.buch7.de\/produkt\/5-minuten-hoergeschichten-fuer-senioren-und-seniorinnen-eine-petra-bartoli-y-ecke\/1041160839?ean=4260217051547&amp;partner=petra-bartoli\" target=\"_blank\" data-caption-title=\"CD H\u00f6rgeschichten f\u00fcr Senioren - Reise in die Vergangenheit\" data-caption-desc=\"Dieses H\u00f6rbuch bietet zw\u00f6lf unterhaltsame 5-Minuten-Geschichten speziell f\u00fcr Menschen mit Demenz. Ein Einkauf im Miederwarengesch\u00e4ft, der erste Besuch beim Italiener in den 1950er-Jahren oder der alte Schulweg \u2013 die heiteren Abenteuer und Anekdoten aus dem Alltag orientieren sich an der fr\u00fcheren Lebenswirklichkeit der Senioren und Seniorinnen und lassen Erinnerungen an damals aufleben. Die langsam und deutlich eingesprochenen H\u00f6rgeschichten und die einfachen Handlungsstrukturen f\u00f6rdern die Entspannung der Demenzpatienten und -patientinnen, die auditive Wahrnehmung und sorgen f\u00fcr ein positives H\u00f6rerlebnis.\nVerlag an der Ruhr, 2021, 14 EUR\" data-attachment-id=\"861\" class=\"foogallery-thumb fg-thumb\" data-type=\"iframe\"><span class=\"fg-image-wrap\"><img decoding=\"async\" alt=\"CD H\u00f6rgeschichten f\u00fcr Senioren - Reise in die Vergangenheit\" title=\"CD H\u00f6rgeschichten f\u00fcr Senioren - Reise in die Vergangenheit\" class=\"bf-img skip-lazy fg-image\" height=\"179\" width=\"200\" data-src-fg=\"https:\/\/petra-bartoli.de\/wp-content\/uploads\/cache\/2021\/02\/CD-Senioren-Verlag-Ruhr-\u2013-Cover\/1291969178.png\" src=\"data:image\/svg+xml,%3Csvg%20xmlns%3D%22http%3A%2F%2Fwww.w3.org%2F2000%2Fsvg%22%20width%3D%22200%22%20height%3D%22179%22%20viewBox%3D%220%200%20200%20179%22%3E%3C%2Fsvg%3E\" loading=\"eager\"><\/span><span class=\"fg-image-overlay\"><\/span><\/a><figcaption class=\"fg-caption\"><div class=\"fg-caption-inner\"><div class=\"fg-caption-title\">CD H\u00f6rgeschichten f\u00fcr Senioren - Reise in die Vergangenheit<\/div><div class=\"fg-caption-desc\">Dieses H\u00f6rbuch bietet zw\u00f6lf unterhaltsame 5-Minuten-Geschichten speziell f\u00fcr Menschen mit Demenz. Ein Einkauf im Miederwarengesch\u00e4ft, der erste Besuch beim Italiener in den 1950er-Jahren oder der alte Schulweg \u2013 die heiteren Abenteuer und Anekdoten aus dem Alltag orientieren sich an der fr\u00fcheren Lebenswirklichkeit der Senioren und Seniorinnen und lassen Erinnerungen an damals aufleben. Die langsam und deutlich eingesprochenen H\u00f6rgeschichten und die einfachen Handlungsstrukturen f\u00f6rdern die Entspannung der Demenzpatienten und -patientinnen, die auditive Wahrnehmung und sorgen f\u00fcr ein positives H\u00f6rerlebnis.\nVerlag an der Ruhr, 2021, 14 EUR<\/div><\/div><\/figcaption><\/figure><div class=\"fg-loader\"><\/div><\/div><div class=\"fg-item fg-type-iframe fg-idle\"><figure class=\"fg-item-inner\"><a href=\"https:\/\/www.buch7.de\/produkt\/heute-wird-gelacht-anne-kopmann\/1041323105?ean=9783834647627&amp;partner=petra-bartoli\" target=\"_blank\" data-caption-title=\"Heute wird gelacht \u2013 CD H\u00f6rgeschichten f\u00fcr Senioren\" data-caption-desc=\"Dieses H\u00f6rbuch bietet zw\u00f6lf unterhaltsame 5-Minuten-Geschichten speziell f\u00fcr Menschen mit Demenz. Das erste Rendezvous mit der rothaarigen Doris, ein Fr\u00fchst\u00fccksdieb an der Adria oder der geheimnisvolle Nachbar Herr Peters - die fr\u00f6hlichen Anekdoten orientieren sich an der fr\u00fcheren Lebenswirklichkeit der Senioren und Seniorinnen und zaubern so manches versonnene L\u00e4cheln in ihre Gesichter. Die langsam und deutlich eingesprochenen H\u00f6rgeschichten und die einfachen Handlungsstrukturen f\u00f6rdern das Wohlbefinden und die auditive Wahrnehmung der Senioren und Seniorinnen mit Demenz und sorgen f\u00fcr ein positives H\u00f6rerlebnis. Verlag an der Ruhr, 2021. 14 EUR\" data-attachment-id=\"902\" class=\"foogallery-thumb fg-thumb\" data-type=\"iframe\"><span class=\"fg-image-wrap\"><img decoding=\"async\" alt=\"Heute wird gelacht \u2013 CD H\u00f6rgeschichten f\u00fcr Senioren\" title=\"Dieses H\u00f6rbuch bietet zw\u00f6lf unterhaltsame 5-Minuten-Geschichten speziell f\u00fcr Menschen mit Demenz. Das erste Rendezvous mit der rothaarigen Doris, ein Fr\u00fchst\u00fccksdieb an der Adria oder der geheimnisvolle Nachbar Herr Peters - die fr\u00f6hlichen Anekdoten orientieren sich an der fr\u00fcheren Lebenswirklichkeit der Senioren und Seniorinnen und zaubern so manches versonnene L\u00e4cheln in ihre Gesichter. Die langsam und deutlich eingesprochenen H\u00f6rgeschichten und die einfachen Handlungsstrukturen f\u00f6rdern das Wohlbefinden und die auditive Wahrnehmung der Senioren und Seniorinnen mit Demenz und sorgen f\u00fcr ein positives H\u00f6rerlebnis. Verlag an der Ruhr, 2021. 14 EUR\" class=\"bf-img skip-lazy fg-image\" height=\"153\" width=\"200\" data-src-fg=\"https:\/\/petra-bartoli.de\/wp-content\/uploads\/cache\/2021\/12\/72677\/2150673486.jpeg\" src=\"data:image\/svg+xml,%3Csvg%20xmlns%3D%22http%3A%2F%2Fwww.w3.org%2F2000%2Fsvg%22%20width%3D%22200%22%20height%3D%22153%22%20viewBox%3D%220%200%20200%20153%22%3E%3C%2Fsvg%3E\" loading=\"eager\"><\/span><span class=\"fg-image-overlay\"><\/span><\/a><figcaption class=\"fg-caption\"><div class=\"fg-caption-inner\"><div class=\"fg-caption-title\">Heute wird gelacht \u2013 CD H\u00f6rgeschichten f\u00fcr Senioren<\/div><div class=\"fg-caption-desc\">Dieses H\u00f6rbuch bietet zw\u00f6lf unterhaltsame 5-Minuten-Geschichten speziell f\u00fcr Menschen mit Demenz. Das erste Rendezvous mit der rothaarigen Doris, ein Fr\u00fchst\u00fccksdieb an der Adria oder der geheimnisvolle Nachbar Herr Peters - die fr\u00f6hlichen Anekdoten orientieren sich an der fr\u00fcheren Lebenswirklichkeit der Senioren und Seniorinnen und zaubern so manches versonnene L\u00e4cheln in ihre Gesichter. Die langsam und deutlich eingesprochenen H\u00f6rgeschichten und die einfachen Handlungsstrukturen f\u00f6rdern das Wohlbefinden und die auditive Wahrnehmung der Senioren und Seniorinnen mit Demenz und sorgen f\u00fcr ein positives H\u00f6rerlebnis. Verlag an der Ruhr, 2021. 14 EUR<\/div><\/div><\/figcaption><\/figure><div class=\"fg-loader\"><\/div><\/div><div class=\"fg-item fg-type-iframe fg-idle\"><figure class=\"fg-item-inner\"><a href=\"https:\/\/shop.autorenwelt.de\/products\/das-grosse-weihnachtsbuch-zum-vorlesen-fur-menschen-mit-demenz-von-petra-bartoli-y-eckert-und-petra-bartoli-bartoli-y-eckert?utm_source=sendgrid.com&amp;utm_medium=email&amp;utm_campaign=website\" target=\"_blank\" data-caption-title=\"Das gro\u00dfe Weihnachtsbuch zum Vorlesen f\u00fcr Menschen mit Demenz\" data-caption-desc=\"Dieses Buch begleitet durch die sch\u00f6ne Vorweihnachtszeit \u2013 mit Geschichten, die von zauberhaften oder lustigen Begebenheiten sowie von Adventsbr\u00e4uchen und -ritualen erz\u00e4hlen und so eine gro\u00dfe Portion Weihnachtsstimmung verbreiten. Regelm\u00e4\u00dfig lesbar als Adventskalender: 24 Geschichten f\u00fcr \u00e4ltere Menschen oder Menschen mit Demenz: Leichte, kurze Texte in gro\u00dfer Schrift mit Impulsfragen, Gespr\u00e4chsanl\u00e4ssen, Gedichten, Liedern und Ideen f\u00fcr die Adventszeit. Und mit jedem neuen Kapitel r\u00fcckt Weihnachten n\u00e4her! Kaufmann Verlag, 2022. 16,95 EUR\" data-attachment-id=\"929\" class=\"foogallery-thumb fg-thumb\" data-type=\"iframe\"><span class=\"fg-image-wrap\"><img decoding=\"async\" alt=\"Das gro\u00dfe Weihnachtsbuch zum Vorlesen f\u00fcr Menschen mit Demenz\" title=\"Dieses Buch begleitet durch die sch\u00f6ne Vorweihnachtszeit \u2013 mit Geschichten, die von zauberhaften oder lustigen Begebenheiten sowie von Adventsbr\u00e4uchen und -ritualen erz\u00e4hlen und so eine gro\u00dfe Portion Weihnachtsstimmung verbreiten. Regelm\u00e4\u00dfig lesbar als Adventskalender: 24 Geschichten f\u00fcr \u00e4ltere Menschen oder Menschen mit Demenz: Leichte, kurze Texte in gro\u00dfer Schrift mit Impulsfragen, Gespr\u00e4chsanl\u00e4ssen, Gedichten, Liedern und Ideen f\u00fcr die Adventszeit. Und mit jedem neuen Kapitel r\u00fcckt Weihnachten n\u00e4her! Kaufmann Verlag, 2022. 16,95 EUR\" class=\"bf-img skip-lazy fg-image\" height=\"295\" width=\"200\" data-src-fg=\"https:\/\/petra-bartoli.de\/wp-content\/uploads\/cache\/2022\/10\/Cover_Weihnachtsgeschichten-Senioren_Kaufmann\/1884007027.png\" src=\"data:image\/svg+xml,%3Csvg%20xmlns%3D%22http%3A%2F%2Fwww.w3.org%2F2000%2Fsvg%22%20width%3D%22200%22%20height%3D%22295%22%20viewBox%3D%220%200%20200%20295%22%3E%3C%2Fsvg%3E\" loading=\"eager\"><\/span><span class=\"fg-image-overlay\"><\/span><\/a><figcaption class=\"fg-caption\"><div class=\"fg-caption-inner\"><div class=\"fg-caption-title\">Das gro\u00dfe Weihnachtsbuch zum Vorlesen f\u00fcr Menschen mit Demenz<\/div><div class=\"fg-caption-desc\">Dieses Buch begleitet durch die sch\u00f6ne Vorweihnachtszeit \u2013 mit Geschichten, die von zauberhaften oder lustigen Begebenheiten sowie von Adventsbr\u00e4uchen und -ritualen erz\u00e4hlen und so eine gro\u00dfe Portion Weihnachtsstimmung verbreiten. Regelm\u00e4\u00dfig lesbar als Adventskalender: 24 Geschichten f\u00fcr \u00e4ltere Menschen oder Menschen mit Demenz: Leichte, kurze Texte in gro\u00dfer Schrift mit Impulsfragen, Gespr\u00e4chsanl\u00e4ssen, Gedichten, Liedern und Ideen f\u00fcr die Adventszeit. Und mit jedem neuen Kapitel r\u00fcckt Weihnachten n\u00e4her! Kaufmann Verlag, 2022. 16,95 EUR<\/div><\/div><\/figcaption><\/figure><div class=\"fg-loader\"><\/div><\/div><\/div>\n","protected":false},"excerpt":{"rendered":"","protected":false},"author":1,"featured_media":0,"parent":76,"menu_order":3,"comment_status":"closed","ping_status":"closed","template":"","meta":{"footnotes":""},"class_list":["post-91","page","type-page","status-publish","hentry"],"_links":{"self":[{"href":"https:\/\/petra-bartoli.de\/index.php\/wp-json\/wp\/v2\/pages\/91","targetHints":{"allow":["GET"]}}],"collection":[{"href":"https:\/\/petra-bartoli.de\/index.php\/wp-json\/wp\/v2\/pages"}],"about":[{"href":"https:\/\/petra-bartoli.de\/index.php\/wp-json\/wp\/v2\/types\/page"}],"author":[{"embeddable":true,"href":"https:\/\/petra-bartoli.de\/index.php\/wp-json\/wp\/v2\/users\/1"}],"replies":[{"embeddable":true,"href":"https:\/\/petra-bartoli.de\/index.php\/wp-json\/wp\/v2\/comments?post=91"}],"version-history":[{"count":2,"href":"https:\/\/petra-bartoli.de\/index.php\/wp-json\/wp\/v2\/pages\/91\/revisions"}],"predecessor-version":[{"id":170,"href":"https:\/\/petra-bartoli.de\/index.php\/wp-json\/wp\/v2\/pages\/91\/revisions\/170"}],"up":[{"embeddable":true,"href":"https:\/\/petra-bartoli.de\/index.php\/wp-json\/wp\/v2\/pages\/76"}],"wp:attachment":[{"href":"https:\/\/petra-bartoli.de\/index.php\/wp-json\/wp\/v2\/media?parent=91"}],"curies":[{"name":"wp","href":"https:\/\/api.w.org\/{rel}","templated":true}]}}